{"id":7382,"date":"2024-07-18T12:14:56","date_gmt":"2024-07-18T16:14:56","guid":{"rendered":"https:\/\/alfredtaxi.ca\/?page_id=7382"},"modified":"2025-05-29T10:00:50","modified_gmt":"2025-05-29T14:00:50","slug":"group-transportation","status":"publish","type":"page","link":"https:\/\/alfredtaxi.ca\/en\/transport-de-groupe\/","title":{"rendered":"Group transportation"},"content":{"rendered":"<section class=\"bde-section-7382-100 bde-section\">\n              \n  \n  \n\t\n\n  <div class=\"section-background-overlay\"><\/div>\n\n\n<div class=\"section-container\"><div class=\"bde-div-7382-101 bde-div\">\n  \n  \n\t\n\n\n\n<h1 class=\"bde-heading-7382-102 bde-heading\">\nGroup transportation\n<\/h1>\n<\/div><\/div>\n<\/section><section class=\"bde-section-7382-103 bde-section\">\n              \n  \n  \n\t\n\n  <div class=\"section-background-overlay\"><\/div>\n\n\n<div class=\"section-container\"><div class=\"bde-columns-7382-104 bde-columns\"><div class=\"bde-column-7382-105 bde-column\">\n  \n  \n\t\n\n\n\n<div class=\"bde-image-7382-106 bde-image\">\n<figure class=\"breakdance-image breakdance-image--7441\">\n\t<div class=\"breakdance-image-container\">\n\t\t<div class=\"breakdance-image-clip\"><img loading=\"lazy\" decoding=\"async\" class=\"breakdance-image-object\" src=\"https:\/\/alfredtaxi.ca\/wp-content\/uploads\/2024\/07\/IMG_2701.jpg\" width=\"1500\" height=\"1125\" srcset=\"https:\/\/alfredtaxi.ca\/wp-content\/uploads\/2024\/07\/IMG_2701.jpg 1500w, https:\/\/alfredtaxi.ca\/wp-content\/uploads\/2024\/07\/IMG_2701-300x225.jpg 300w, https:\/\/alfredtaxi.ca\/wp-content\/uploads\/2024\/07\/IMG_2701-1024x768.jpg 1024w, https:\/\/alfredtaxi.ca\/wp-content\/uploads\/2024\/07\/IMG_2701-768x576.jpg 768w, https:\/\/alfredtaxi.ca\/wp-content\/uploads\/2024\/07\/IMG_2701-16x12.jpg 16w\" sizes=\"auto, (max-width: 1500px) 100vw, 1500px\"><\/div>\n\t<\/div><\/figure>\n\n<\/div>\n<\/div><div class=\"bde-column-7382-107 bde-column\">\n  \n  \n\t\n\n\n\n<div class=\"bde-div-7382-108 bde-div\">\n  \n  \n\t\n\n\n\n<h3 class=\"bde-heading-7382-109 bde-heading\">\nIdeal for Group Travel\n<\/h3><h2 class=\"bde-heading-7382-110 bde-heading\">\nSpacious vehicles\n<\/h2>\n<\/div><p class=\"bde-text-7382-111 bde-text\">\nOur vans can accommodate up to 9 passengers, ideal for group travel, families or corporate transfers. Enjoy generous space for passengers and luggage.\n<\/p><div class=\"bde-button-7382-112 bde-button\">\n    \n                                    \n    \n    \n    \n    \n            \n                    \n            \n            \n\n    \n    \n    \n    \n    \n    <a class=\"breakdance-link button-atom button-atom--primary bde-button__button\" href=\"\/en\/contact-us\/\" target=\"_self\" data-type=\"url\"  >\n\n    \n        <span class=\"button-atom__text\">Book<\/span>\n\n        \n        \n                <\/a>\n\n    \n\n\n<\/div>\n<\/div><\/div><\/div>\n<\/section><section class=\"bde-section-7382-113 bde-section\">\n  \n  \n\t\n\n\n\n<div class=\"section-container\"><div class=\"bde-columns-7382-114 bde-columns\"><div class=\"bde-column-7382-115 bde-column\">\n  \n  \n\t\n\n\n\n<div class=\"bde-div-7382-116 bde-div\">\n  \n  \n\t\n\n\n\n<h3 class=\"bde-heading-7382-117 bde-heading\">\nEnsuring a pleasant journey\n<\/h3><h2 class=\"bde-heading-7382-118 bde-heading\">\nSafety and Comfort\n<\/h2>\n<\/div><p class=\"bde-text-7382-119 bde-text\">\nEach vehicle is equipped to ensure the safety and comfort of all passengers. Our experienced drivers ensure that every journey is pleasant and worry-free.\n<\/p><div class=\"bde-button-7382-120 bde-button\">\n    \n                                    \n    \n    \n    \n    \n            \n                    \n            \n            \n\n    \n    \n    \n    \n    \n    <a class=\"breakdance-link button-atom button-atom--primary bde-button__button\" href=\"\/en\/contact-us\/\" target=\"_self\" data-type=\"url\"  >\n\n    \n        <span class=\"button-atom__text\">Book<\/span>\n\n        \n        \n                <\/a>\n\n    \n\n\n<\/div>\n<\/div><div class=\"bde-column-7382-121 bde-column\">\n  \n  \n\t\n\n\n\n<div class=\"bde-gallery-7382-123 bde-gallery\">\n\n\n  \n\n\n\n\n\n\n\n  \n\n  <div class=\"ee-gallery-swiper breakdance-swiper-wrapper\" data-swiper-id=\"123\">\n    <div class=\"swiper\">\n\n<div class=\"ee-gallery ee-gallery--gallery-slider ee-gallery--slider ee-gallery--single ee-gallery--lightbox ee-gallery-- ee-gallery--caption- ee-gallery--caption-none ee-gallery--ratio swiper-wrapper\">\n                  \n      <a class=\"ee-gallery-item ee-gallery-item--image ee-gallery-item--single swiper-slide\" href=\"https:\/\/alfredtaxi.ca\/wp-content\/uploads\/2024\/07\/IMG_2702.jpg\"  data-sub-html=\"<span><\/span>\" data-category=\"1\"                  data-lg-size=\"1500-1125\"\n\n      >\n        <figure class=\"ee-gallery-item-figure\">\n                        <img loading=\"lazy\" decoding=\"async\" class=\"breakdance-image-object\" src=\"https:\/\/alfredtaxi.ca\/wp-content\/uploads\/2024\/07\/IMG_2702.jpg\" width=\"1500\" height=\"1125\" srcset=\"https:\/\/alfredtaxi.ca\/wp-content\/uploads\/2024\/07\/IMG_2702.jpg 1500w, https:\/\/alfredtaxi.ca\/wp-content\/uploads\/2024\/07\/IMG_2702-300x225.jpg 300w, https:\/\/alfredtaxi.ca\/wp-content\/uploads\/2024\/07\/IMG_2702-1024x768.jpg 1024w, https:\/\/alfredtaxi.ca\/wp-content\/uploads\/2024\/07\/IMG_2702-768x576.jpg 768w, https:\/\/alfredtaxi.ca\/wp-content\/uploads\/2024\/07\/IMG_2702-16x12.jpg 16w\" sizes=\"auto, (max-width: 1500px) 100vw, 1500px\">\n          \n                  <\/figure>\n      <\/a>\n\n                \n      <a class=\"ee-gallery-item ee-gallery-item--image ee-gallery-item--single swiper-slide\" href=\"https:\/\/alfredtaxi.ca\/wp-content\/uploads\/2024\/07\/IMG_2701.jpg\"  data-sub-html=\"<span><\/span>\" data-category=\"1\"                  data-lg-size=\"1500-1125\"\n\n      >\n        <figure class=\"ee-gallery-item-figure\">\n                        <img loading=\"lazy\" decoding=\"async\" class=\"breakdance-image-object\" src=\"https:\/\/alfredtaxi.ca\/wp-content\/uploads\/2024\/07\/IMG_2701.jpg\" width=\"1500\" height=\"1125\" srcset=\"https:\/\/alfredtaxi.ca\/wp-content\/uploads\/2024\/07\/IMG_2701.jpg 1500w, https:\/\/alfredtaxi.ca\/wp-content\/uploads\/2024\/07\/IMG_2701-300x225.jpg 300w, https:\/\/alfredtaxi.ca\/wp-content\/uploads\/2024\/07\/IMG_2701-1024x768.jpg 1024w, https:\/\/alfredtaxi.ca\/wp-content\/uploads\/2024\/07\/IMG_2701-768x576.jpg 768w, https:\/\/alfredtaxi.ca\/wp-content\/uploads\/2024\/07\/IMG_2701-16x12.jpg 16w\" sizes=\"auto, (max-width: 1500px) 100vw, 1500px\">\n          \n                  <\/figure>\n      <\/a>\n\n                \n      <a class=\"ee-gallery-item ee-gallery-item--image ee-gallery-item--single swiper-slide\" href=\"https:\/\/alfredtaxi.ca\/wp-content\/uploads\/2024\/07\/IMG_2700.jpg\"  data-sub-html=\"<span><\/span>\" data-category=\"1\"                  data-lg-size=\"1500-1125\"\n\n      >\n        <figure class=\"ee-gallery-item-figure\">\n                        <img loading=\"lazy\" decoding=\"async\" class=\"breakdance-image-object\" src=\"https:\/\/alfredtaxi.ca\/wp-content\/uploads\/2024\/07\/IMG_2700.jpg\" width=\"1500\" height=\"1125\" srcset=\"https:\/\/alfredtaxi.ca\/wp-content\/uploads\/2024\/07\/IMG_2700.jpg 1500w, https:\/\/alfredtaxi.ca\/wp-content\/uploads\/2024\/07\/IMG_2700-300x225.jpg 300w, https:\/\/alfredtaxi.ca\/wp-content\/uploads\/2024\/07\/IMG_2700-1024x768.jpg 1024w, https:\/\/alfredtaxi.ca\/wp-content\/uploads\/2024\/07\/IMG_2700-768x576.jpg 768w, https:\/\/alfredtaxi.ca\/wp-content\/uploads\/2024\/07\/IMG_2700-16x12.jpg 16w\" sizes=\"auto, (max-width: 1500px) 100vw, 1500px\">\n          \n                  <\/figure>\n      <\/a>\n\n                \n      <a class=\"ee-gallery-item ee-gallery-item--image ee-gallery-item--single swiper-slide\" href=\"https:\/\/alfredtaxi.ca\/wp-content\/uploads\/2024\/07\/IMG_2711.jpg\"  data-sub-html=\"<span><\/span>\" data-category=\"1\"                  data-lg-size=\"1500-1125\"\n\n      >\n        <figure class=\"ee-gallery-item-figure\">\n                        <img loading=\"lazy\" decoding=\"async\" class=\"breakdance-image-object\" src=\"https:\/\/alfredtaxi.ca\/wp-content\/uploads\/2024\/07\/IMG_2711.jpg\" width=\"1500\" height=\"1125\" srcset=\"https:\/\/alfredtaxi.ca\/wp-content\/uploads\/2024\/07\/IMG_2711.jpg 1500w, https:\/\/alfredtaxi.ca\/wp-content\/uploads\/2024\/07\/IMG_2711-300x225.jpg 300w, https:\/\/alfredtaxi.ca\/wp-content\/uploads\/2024\/07\/IMG_2711-1024x768.jpg 1024w, https:\/\/alfredtaxi.ca\/wp-content\/uploads\/2024\/07\/IMG_2711-768x576.jpg 768w, https:\/\/alfredtaxi.ca\/wp-content\/uploads\/2024\/07\/IMG_2711-16x12.jpg 16w\" sizes=\"auto, (max-width: 1500px) 100vw, 1500px\">\n          \n                  <\/figure>\n      <\/a>\n\n                \n      <a class=\"ee-gallery-item ee-gallery-item--image ee-gallery-item--single swiper-slide\" href=\"http:\/\/alfredtaxi.ca\/wp-content\/uploads\/2025\/03\/Entete-photo-1.jpeg\"  data-sub-html=\"<span><\/span>\" data-category=\"1\"                  data-lg-size=\"1600-1200\"\n\n      >\n        <figure class=\"ee-gallery-item-figure\">\n                        <img loading=\"lazy\" decoding=\"async\" class=\"breakdance-image-object\" src=\"http:\/\/alfredtaxi.ca\/wp-content\/uploads\/2025\/03\/Entete-photo-1.jpeg\" width=\"1600\" height=\"1200\" srcset=\"https:\/\/alfredtaxi.ca\/wp-content\/uploads\/2025\/03\/Entete-photo-1.jpeg 1600w, https:\/\/alfredtaxi.ca\/wp-content\/uploads\/2025\/03\/Entete-photo-1-300x225.jpeg 300w, https:\/\/alfredtaxi.ca\/wp-content\/uploads\/2025\/03\/Entete-photo-1-1024x768.jpeg 1024w, https:\/\/alfredtaxi.ca\/wp-content\/uploads\/2025\/03\/Entete-photo-1-768x576.jpeg 768w, https:\/\/alfredtaxi.ca\/wp-content\/uploads\/2025\/03\/Entete-photo-1-1536x1152.jpeg 1536w, https:\/\/alfredtaxi.ca\/wp-content\/uploads\/2025\/03\/Entete-photo-1-16x12.jpeg 16w\" sizes=\"auto, (max-width: 1600px) 100vw, 1600px\">\n          \n                  <\/figure>\n      <\/a>\n\n                \n      <a class=\"ee-gallery-item ee-gallery-item--image ee-gallery-item--single swiper-slide\" href=\"http:\/\/alfredtaxi.ca\/wp-content\/uploads\/2025\/03\/Photo-4.jpg\"  data-sub-html=\"<span><\/span>\" data-category=\"1\"                  data-lg-size=\"1600-1200\"\n\n      >\n        <figure class=\"ee-gallery-item-figure\">\n                        <img loading=\"lazy\" decoding=\"async\" class=\"breakdance-image-object\" src=\"http:\/\/alfredtaxi.ca\/wp-content\/uploads\/2025\/03\/Photo-4.jpg\" width=\"1600\" height=\"1200\" srcset=\"https:\/\/alfredtaxi.ca\/wp-content\/uploads\/2025\/03\/Photo-4.jpg 1600w, https:\/\/alfredtaxi.ca\/wp-content\/uploads\/2025\/03\/Photo-4-300x225.jpg 300w, https:\/\/alfredtaxi.ca\/wp-content\/uploads\/2025\/03\/Photo-4-1024x768.jpg 1024w, https:\/\/alfredtaxi.ca\/wp-content\/uploads\/2025\/03\/Photo-4-768x576.jpg 768w, https:\/\/alfredtaxi.ca\/wp-content\/uploads\/2025\/03\/Photo-4-1536x1152.jpg 1536w, https:\/\/alfredtaxi.ca\/wp-content\/uploads\/2025\/03\/Photo-4-16x12.jpg 16w\" sizes=\"auto, (max-width: 1600px) 100vw, 1600px\">\n          \n                  <\/figure>\n      <\/a>\n\n                \n      <a class=\"ee-gallery-item ee-gallery-item--image ee-gallery-item--single swiper-slide\" href=\"http:\/\/alfredtaxi.ca\/wp-content\/uploads\/2025\/03\/Photo-3-scaled.jpeg\"  data-sub-html=\"<span><\/span>\" data-category=\"1\"                  data-lg-size=\"2560-1920\"\n\n      >\n        <figure class=\"ee-gallery-item-figure\">\n                        <img loading=\"lazy\" decoding=\"async\" class=\"breakdance-image-object\" src=\"http:\/\/alfredtaxi.ca\/wp-content\/uploads\/2025\/03\/Photo-3-scaled.jpeg\" width=\"2560\" height=\"1920\" srcset=\"https:\/\/alfredtaxi.ca\/wp-content\/uploads\/2025\/03\/Photo-3-scaled.jpeg 2560w, https:\/\/alfredtaxi.ca\/wp-content\/uploads\/2025\/03\/Photo-3-300x225.jpeg 300w, https:\/\/alfredtaxi.ca\/wp-content\/uploads\/2025\/03\/Photo-3-1024x768.jpeg 1024w, https:\/\/alfredtaxi.ca\/wp-content\/uploads\/2025\/03\/Photo-3-768x576.jpeg 768w, https:\/\/alfredtaxi.ca\/wp-content\/uploads\/2025\/03\/Photo-3-1536x1152.jpeg 1536w, https:\/\/alfredtaxi.ca\/wp-content\/uploads\/2025\/03\/Photo-3-2048x1536.jpeg 2048w, https:\/\/alfredtaxi.ca\/wp-content\/uploads\/2025\/03\/Photo-3-16x12.jpeg 16w\" sizes=\"auto, (max-width: 2560px) 100vw, 2560px\">\n          \n                  <\/figure>\n      <\/a>\n\n                \n      <a class=\"ee-gallery-item ee-gallery-item--image ee-gallery-item--single swiper-slide\" href=\"http:\/\/alfredtaxi.ca\/wp-content\/uploads\/2025\/03\/Photo-2-scaled.jpeg\"  data-sub-html=\"<span><\/span>\" data-category=\"1\"                  data-lg-size=\"2560-1920\"\n\n      >\n        <figure class=\"ee-gallery-item-figure\">\n                        <img loading=\"lazy\" decoding=\"async\" class=\"breakdance-image-object\" src=\"http:\/\/alfredtaxi.ca\/wp-content\/uploads\/2025\/03\/Photo-2-scaled.jpeg\" width=\"2560\" height=\"1920\" srcset=\"https:\/\/alfredtaxi.ca\/wp-content\/uploads\/2025\/03\/Photo-2-scaled.jpeg 2560w, https:\/\/alfredtaxi.ca\/wp-content\/uploads\/2025\/03\/Photo-2-300x225.jpeg 300w, https:\/\/alfredtaxi.ca\/wp-content\/uploads\/2025\/03\/Photo-2-1024x768.jpeg 1024w, https:\/\/alfredtaxi.ca\/wp-content\/uploads\/2025\/03\/Photo-2-768x576.jpeg 768w, https:\/\/alfredtaxi.ca\/wp-content\/uploads\/2025\/03\/Photo-2-1536x1152.jpeg 1536w, https:\/\/alfredtaxi.ca\/wp-content\/uploads\/2025\/03\/Photo-2-2048x1536.jpeg 2048w, https:\/\/alfredtaxi.ca\/wp-content\/uploads\/2025\/03\/Photo-2-16x12.jpeg 16w\" sizes=\"auto, (max-width: 2560px) 100vw, 2560px\">\n          \n                  <\/figure>\n      <\/a>\n\n      \n  <\/div>\n\n    <\/div>\n        \n            <div class=\"swiper-pagination\"><\/div>\n    \n  <\/div>\n\n\n<\/div>\n<\/div><\/div><\/div>\n<\/section>","protected":false},"excerpt":{"rendered":"<p>Transport de groupe Id\u00e9al pour les Voyages en Groupe V\u00e9hicules Spacieux Nos vans peuvent accueillir jusqu&rsquo;\u00e0 9 passagers, id\u00e9ales pour les voyages de groupe, les familles ou les transferts d&rsquo;entreprise. Profitez d&rsquo;un espace g\u00e9n\u00e9reux pour les passagers et les bagages. R\u00e9server Garantir un Trajet Agr\u00e9able S\u00e9curit\u00e9 et Confort Chaque v\u00e9hicule est \u00e9quip\u00e9 pour assurer la [&hellip;]<\/p>\n","protected":false},"author":1,"featured_media":0,"parent":0,"menu_order":0,"comment_status":"closed","ping_status":"closed","template":"","meta":{"_acf_changed":false,"_breakdance_hide_in_design_set":false,"_breakdance_tags":"","footnotes":""},"class_list":["post-7382","page","type-page","status-publish","hentry"],"acf":[],"_links":{"self":[{"href":"https:\/\/alfredtaxi.ca\/en\/wp-json\/wp\/v2\/pages\/7382","targetHints":{"allow":["GET"]}}],"collection":[{"href":"https:\/\/alfredtaxi.ca\/en\/wp-json\/wp\/v2\/pages"}],"about":[{"href":"https:\/\/alfredtaxi.ca\/en\/wp-json\/wp\/v2\/types\/page"}],"author":[{"embeddable":true,"href":"https:\/\/alfredtaxi.ca\/en\/wp-json\/wp\/v2\/users\/1"}],"replies":[{"embeddable":true,"href":"https:\/\/alfredtaxi.ca\/en\/wp-json\/wp\/v2\/comments?post=7382"}],"version-history":[{"count":5,"href":"https:\/\/alfredtaxi.ca\/en\/wp-json\/wp\/v2\/pages\/7382\/revisions"}],"predecessor-version":[{"id":7512,"href":"https:\/\/alfredtaxi.ca\/en\/wp-json\/wp\/v2\/pages\/7382\/revisions\/7512"}],"wp:attachment":[{"href":"https:\/\/alfredtaxi.ca\/en\/wp-json\/wp\/v2\/media?parent=7382"}],"curies":[{"name":"wp","href":"https:\/\/api.w.org\/{rel}","templated":true}]}}